{"id":578,"date":"2020-05-22T21:37:30","date_gmt":"2020-05-22T21:37:30","guid":{"rendered":"https:\/\/multimedia.ismt.pt\/?page_id=578"},"modified":"2021-05-11T12:28:50","modified_gmt":"2021-05-11T12:28:50","slug":"design-multimedia","status":"publish","type":"page","link":"https:\/\/multimedia.ismt.pt\/?page_id=578","title":{"rendered":"Design"},"content":{"rendered":"\t\t<div data-elementor-type=\"wp-page\" data-elementor-id=\"578\" class=\"elementor elementor-578\">\n\t\t\t\t\t\t\t\t\t<section class=\"elementor-section elementor-top-section elementor-element elementor-element-0026be4 elementor-section-boxed elementor-section-height-default elementor-section-height-default\" data-id=\"0026be4\" data-element_type=\"section\">\n\t\t\t\t\t\t<div class=\"elementor-container elementor-column-gap-default\">\n\t\t\t\t\t<div class=\"elementor-column elementor-col-100 elementor-top-column elementor-element elementor-element-95e5f8e\" data-id=\"95e5f8e\" data-element_type=\"column\">\n\t\t\t<div class=\"elementor-widget-wrap elementor-element-populated\">\n\t\t\t\t\t\t\t\t<div class=\"elementor-element elementor-element-c11f218 elementor-widget elementor-widget-wp-widget-bcn_widget\" data-id=\"c11f218\" data-element_type=\"widget\" data-widget_type=\"wp-widget-bcn_widget.default\">\n\t\t\t\t<div class=\"elementor-widget-container\">\n\t\t\t<div class=\"breadcrumbs\" vocab=\"https:\/\/schema.org\/\" typeof=\"BreadcrumbList\"><!-- Breadcrumb NavXT 7.4.1 -->\n<span property=\"itemListElement\" typeof=\"ListItem\"><a property=\"item\" typeof=\"WebPage\" title=\"Go to Licenciatura de Multim\u00e9dia do ISMT.\" href=\"https:\/\/multimedia.ismt.pt\" class=\"home\" aria-current=\"page\"><span property=\"name\">Licenciatura de Multim\u00e9dia do ISMT<\/span><\/a><meta property=\"position\" content=\"1\"><\/span><\/div>\t\t<\/div>\n\t\t\t\t<\/div>\n\t\t\t\t\t<\/div>\n\t\t<\/div>\n\t\t\t\t\t\t\t<\/div>\n\t\t<\/section>\n\t\t\t\t<section class=\"elementor-section elementor-top-section elementor-element elementor-element-694ecc6 elementor-section-full_width elementor-section-height-min-height elementor-section-height-default elementor-section-items-middle\" data-id=\"694ecc6\" data-element_type=\"section\" data-settings=\"{&quot;background_background&quot;:&quot;classic&quot;}\">\n\t\t\t\t\t\t\t<div class=\"elementor-background-overlay\"><\/div>\n\t\t\t\t\t\t\t<div class=\"elementor-container elementor-column-gap-default\">\n\t\t\t\t\t<div class=\"elementor-column elementor-col-100 elementor-top-column elementor-element elementor-element-d13cdd6 elementor-invisible\" data-id=\"d13cdd6\" data-element_type=\"column\" data-settings=\"{&quot;animation&quot;:&quot;fadeIn&quot;,&quot;animation_delay&quot;:200}\">\n\t\t\t<div class=\"elementor-widget-wrap elementor-element-populated\">\n\t\t\t\t\t\t\t\t<div class=\"elementor-element elementor-element-5f461dc elementor-widget elementor-widget-heading\" data-id=\"5f461dc\" data-element_type=\"widget\" data-widget_type=\"heading.default\">\n\t\t\t\t<div class=\"elementor-widget-container\">\n\t\t\t<span class=\"elementor-heading-title elementor-size-default\"><a href=\"https:\/\/ismt.pt\/ensino\/oferta-educativa\/licenciaturas\/multimedia\/\" target=\"_blank\">Unidades Curriculares<br><b>Design<\/b><\/a><\/span>\t\t<\/div>\n\t\t\t\t<\/div>\n\t\t\t\t<div class=\"elementor-element elementor-element-16d3023 elementor-widget elementor-widget-text-editor\" data-id=\"16d3023\" data-element_type=\"widget\" data-widget_type=\"text-editor.default\">\n\t\t\t\t<div class=\"elementor-widget-container\">\n\t\t\t\t\t\t\t<span>Em Design, o desenvolvimento de projetos visualmente apelativos invoca as tuas capacidades t\u00e9cnicas e cultura visual, colocando-te \u00e0 prova para obteres o melhor resultado. No curso de Multim\u00e9dia s\u00e3o 6 as Unidades Curriculares nesta \u00e1rea cient\u00edfica.<\/span>\t\t\t\t\t\t<\/div>\n\t\t\t\t<\/div>\n\t\t\t\t\t<\/div>\n\t\t<\/div>\n\t\t\t\t\t\t\t<\/div>\n\t\t<\/section>\n\t\t\t\t<section class=\"elementor-section elementor-top-section elementor-element elementor-element-e63415e elementor-section-boxed elementor-section-height-default elementor-section-height-default\" data-id=\"e63415e\" data-element_type=\"section\" data-settings=\"{&quot;background_background&quot;:&quot;classic&quot;}\">\n\t\t\t\t\t\t<div class=\"elementor-container elementor-column-gap-default\">\n\t\t\t\t\t<div class=\"elementor-column elementor-col-100 elementor-top-column elementor-element elementor-element-8461f85\" data-id=\"8461f85\" data-element_type=\"column\">\n\t\t\t<div class=\"elementor-widget-wrap elementor-element-populated\">\n\t\t\t\t\t\t\t\t<div class=\"elementor-element elementor-element-8f0d75d elementor-widget elementor-widget-spacer\" data-id=\"8f0d75d\" data-element_type=\"widget\" data-widget_type=\"spacer.default\">\n\t\t\t\t<div class=\"elementor-widget-container\">\n\t\t\t\t\t<div class=\"elementor-spacer\">\n\t\t\t<div class=\"elementor-spacer-inner\"><\/div>\n\t\t<\/div>\n\t\t\t\t<\/div>\n\t\t\t\t<\/div>\n\t\t\t\t<div class=\"elementor-element elementor-element-478cd2b elementor-tabs-view-vertical elementor-widget elementor-widget-tabs\" data-id=\"478cd2b\" data-element_type=\"widget\" data-widget_type=\"tabs.default\">\n\t\t\t\t<div class=\"elementor-widget-container\">\n\t\t\t\t\t<div class=\"elementor-tabs\">\n\t\t\t<div class=\"elementor-tabs-wrapper\" role=\"tablist\" >\n\t\t\t\t\t\t\t\t\t<div id=\"elementor-tab-title-7501\" class=\"elementor-tab-title elementor-tab-desktop-title\" aria-selected=\"true\" data-tab=\"1\" role=\"tab\" tabindex=\"0\" aria-controls=\"elementor-tab-content-7501\" aria-expanded=\"false\"><b>Fundamentos de Design<\/b><br> 1\u00ba semestre<\/div>\n\t\t\t\t\t\t\t\t\t<div id=\"elementor-tab-title-7502\" class=\"elementor-tab-title elementor-tab-desktop-title\" aria-selected=\"false\" data-tab=\"2\" role=\"tab\" tabindex=\"-1\" aria-controls=\"elementor-tab-content-7502\" aria-expanded=\"false\"><b>Design Gr\u00e1fico<\/b><br> 2\u00ba semestre<\/div>\n\t\t\t\t\t\t\t\t\t<div id=\"elementor-tab-title-7503\" class=\"elementor-tab-title elementor-tab-desktop-title\" aria-selected=\"false\" data-tab=\"3\" role=\"tab\" tabindex=\"-1\" aria-controls=\"elementor-tab-content-7503\" aria-expanded=\"false\"><b>Design Vectorial<\/b><br> 3\u00ba semestre<\/div>\n\t\t\t\t\t\t\t\t\t<div id=\"elementor-tab-title-7504\" class=\"elementor-tab-title elementor-tab-desktop-title\" aria-selected=\"false\" data-tab=\"4\" role=\"tab\" tabindex=\"-1\" aria-controls=\"elementor-tab-content-7504\" aria-expanded=\"false\"><b>Design Editorial<\/b> &<br> <b>Web Design I<\/b><br> 4\u00ba semestre<\/div>\n\t\t\t\t\t\t\t\t\t<div id=\"elementor-tab-title-7505\" class=\"elementor-tab-title elementor-tab-desktop-title\" aria-selected=\"false\" data-tab=\"5\" role=\"tab\" tabindex=\"-1\" aria-controls=\"elementor-tab-content-7505\" aria-expanded=\"false\"><b>Web Design II<\/b><br> 5\u00ba semestre<\/div>\n\t\t\t\t\t\t\t<\/div>\n\t\t\t<div class=\"elementor-tabs-content-wrapper\" role=\"tablist\" aria-orientation=\"vertical\">\n\t\t\t\t\t\t\t\t\t<div class=\"elementor-tab-title elementor-tab-mobile-title\" aria-selected=\"true\" data-tab=\"1\" role=\"tab\" tabindex=\"0\" aria-controls=\"elementor-tab-content-7501\" aria-expanded=\"false\"><b>Fundamentos de Design<\/b><br> 1\u00ba semestre<\/div>\n\t\t\t\t\t<div id=\"elementor-tab-content-7501\" class=\"elementor-tab-content elementor-clearfix\" data-tab=\"1\" role=\"tabpanel\" aria-labelledby=\"elementor-tab-title-7501\" tabindex=\"0\" hidden=\"false\"><ul><li><strong>Fundamentos de Design<\/strong><ul><li>I &#8211; Metodologia projetual<\/li><li>II &#8211; Ferramentas tecnol\u00f3gicas: princ\u00edpios e utiliza\u00e7\u00f5es<\/li><li>III &#8211; Visualiza\u00e7\u00e3o de ideias: mind maps e mood boards<\/li><li>IV &#8211; Princ\u00edpios b\u00e1sicos de tipografia: anatomia; expressividade tipogr\u00e1fica; sele\u00e7\u00e3o de fontes (impress\u00e3o ou ecr\u00e3); legibilidade (impress\u00e3o e ecr\u00e3); hierarquia; a tipografia como imagem<\/li><li>V &#8211; Princ\u00edpios b\u00e1sicos da cor: terminologia, cor luz e cor pigmento, legibilidade, contrastes, harmonia e simbologia<\/li><li>VI &#8211; Princ\u00edpios b\u00e1sicos de composi\u00e7\u00e3o, layout, grelhas, articula\u00e7\u00e3o dos diferentes elementos que comp\u00f5em o layout<\/li><\/ul><\/li><\/ul><\/div>\n\t\t\t\t\t\t\t\t\t<div class=\"elementor-tab-title elementor-tab-mobile-title\" aria-selected=\"false\" data-tab=\"2\" role=\"tab\" tabindex=\"-1\" aria-controls=\"elementor-tab-content-7502\" aria-expanded=\"false\"><b>Design Gr\u00e1fico<\/b><br> 2\u00ba semestre<\/div>\n\t\t\t\t\t<div id=\"elementor-tab-content-7502\" class=\"elementor-tab-content elementor-clearfix\" data-tab=\"2\" role=\"tabpanel\" aria-labelledby=\"elementor-tab-title-7502\" tabindex=\"0\" hidden=\"hidden\"><ul><li><strong>Design Gr\u00e1fico<\/strong><ul><li>I &#8211; Introdu\u00e7\u00e3o e controle dos interfaces<\/li><li>II &#8211; Organiza\u00e7\u00e3o espacial e m\u00e9todos de visualiza\u00e7\u00e3o<\/li><li>III &#8211; Gest\u00e3o de Documentos<\/li><li>IV &#8211; Criar e transformar formas b\u00e1sicas<\/li><li>V &#8211; Desenhar com a Pen Tool<\/li><li>VI &#8211; Atribuir cores a objetos (contorno e preenchimento)<\/li><li>VII &#8211; Trabalhar com Layers<\/li><li>VIII &#8211; Trabalhar com Brushes<\/li><li>IX &#8211; Blends<\/li><li>X &#8211; Texto \u2013 formata\u00e7\u00e3o<\/li><\/ul><\/li><\/ul><\/div>\n\t\t\t\t\t\t\t\t\t<div class=\"elementor-tab-title elementor-tab-mobile-title\" aria-selected=\"false\" data-tab=\"3\" role=\"tab\" tabindex=\"-1\" aria-controls=\"elementor-tab-content-7503\" aria-expanded=\"false\"><b>Design Vectorial<\/b><br> 3\u00ba semestre<\/div>\n\t\t\t\t\t<div id=\"elementor-tab-content-7503\" class=\"elementor-tab-content elementor-clearfix\" data-tab=\"3\" role=\"tabpanel\" aria-labelledby=\"elementor-tab-title-7503\" tabindex=\"0\" hidden=\"hidden\"><ul><li><strong>Design Vectorial<\/strong><ul><li>I &#8211; Introdu\u00e7\u00e3o e controle dos interfaces<\/li><li>II &#8211; Organiza\u00e7\u00e3o espacial e m\u00e9todos de visualiza\u00e7\u00e3o<\/li><li>III &#8211; Gest\u00e3o de Documentos<\/li><li>IV &#8211; Criar e transformar formas b\u00e1sicas<\/li><li>V &#8211; Desenhar com a Pen Tool<\/li><li>VI &#8211; Atribuir cores a objetos (contorno e preenchimento)<\/li><li>VII &#8211; Trabalhar com Layers<\/li><li>VIII &#8211; Trabalhar com Brushes<\/li><li>IX &#8211; Blends<\/li><li>X &#8211; Texto \u2013 formata\u00e7\u00e3<\/li><li>XI &#8211; Trabalhar com imagens<\/li><li>XII &#8211; Prepara\u00e7\u00e3o dos documentos para Multim\u00e9dia e Impress\u00e3o<\/li><\/ul><\/li><\/ul><\/div>\n\t\t\t\t\t\t\t\t\t<div class=\"elementor-tab-title elementor-tab-mobile-title\" aria-selected=\"false\" data-tab=\"4\" role=\"tab\" tabindex=\"-1\" aria-controls=\"elementor-tab-content-7504\" aria-expanded=\"false\"><b>Design Editorial<\/b> &<br> <b>Web Design I<\/b><br> 4\u00ba semestre<\/div>\n\t\t\t\t\t<div id=\"elementor-tab-content-7504\" class=\"elementor-tab-content elementor-clearfix\" data-tab=\"4\" role=\"tabpanel\" aria-labelledby=\"elementor-tab-title-7504\" tabindex=\"0\" hidden=\"hidden\"><ul>\n \t<li><strong>Design Editorial<\/strong>\n<ul>\n \t<li>I &#8211; A Unidade Curricular Design Editorial trabalha a compreens\u00e3o e conhecimento do projeto de design editorial<\/li>\n \t<li>II &#8211; Composi\u00e7\u00e3o de texto: teoria, ferramentas e conceitos para a composi\u00e7\u00e3o tipogr\u00e1fica<\/li>\n \t<li>III &#8211; Estabelecer crit\u00e9rios de organiza\u00e7\u00e3o e identifica\u00e7\u00e3o para os diferentes elementos existentes na pagina\u00e7\u00e3o<\/li>\n<\/ul>\n<\/li>\n \t<br><li><strong>Web Design I<\/strong>\n<ul>\n \t<li>I &#8211; Adquirir os conceitos fundamentais de design de intera\u00e7\u00e3o (IxD), guidelines de intera\u00e7\u00e3o humano-computador (IHC) e princ\u00edpios de usabilidade<\/li>\n \t<li>II &#8211; Aplicar os conceitos fundamentais de design gr\u00e1fico, UI &amp; UX no desenho de interfaces web<\/li>\n \t<li>III &#8211; Compreender e aplicar t\u00e9cnicas de design e prototipagem de interfaces que procurem a otimiza\u00e7\u00e3o da IHC<\/li>\n \t<li>IV &#8211; Apreender e aplicar metodologias de avalia\u00e7\u00e3o de usabilidade<\/li>\n<\/ul>\n<\/li>\n<\/ul><\/div>\n\t\t\t\t\t\t\t\t\t<div class=\"elementor-tab-title elementor-tab-mobile-title\" aria-selected=\"false\" data-tab=\"5\" role=\"tab\" tabindex=\"-1\" aria-controls=\"elementor-tab-content-7505\" aria-expanded=\"false\"><b>Web Design II<\/b><br> 5\u00ba semestre<\/div>\n\t\t\t\t\t<div id=\"elementor-tab-content-7505\" class=\"elementor-tab-content elementor-clearfix\" data-tab=\"5\" role=\"tabpanel\" aria-labelledby=\"elementor-tab-title-7505\" tabindex=\"0\" hidden=\"hidden\"><ul><li><strong>Web Design II<\/strong><ul><li>I &#8211; Adquirir os conceitos fundamentais de design de intera\u00e7\u00e3o (IxD), guidelines de intera\u00e7\u00e3o humano-computador (IHC) e princ\u00edpios de usabilidade, de forma transversal a v\u00e1rios meios \/ plataformas<\/li><li>II &#8211; Aplicar os conceitos fundamentais de web design (apreendidos em Web Design I), UI &amp; UX na estiliza\u00e7\u00e3o e constru\u00e7\u00e3o de interfaces<\/li><li>III &#8211; Compreender e aplicar t\u00e9cnicas de design e prototipagem de interfaces que procurem a otimiza\u00e7\u00e3o da IHC<\/li><li>IV &#8211; Apreender e aplicar metodologias de avalia\u00e7\u00e3o de usabilidade<\/li><\/ul><\/li><\/ul><\/div>\n\t\t\t\t\t\t\t<\/div>\n\t\t<\/div>\n\t\t\t\t<\/div>\n\t\t\t\t<\/div>\n\t\t\t\t<div class=\"elementor-element elementor-element-c2d59d1 elementor-widget elementor-widget-spacer\" data-id=\"c2d59d1\" data-element_type=\"widget\" data-widget_type=\"spacer.default\">\n\t\t\t\t<div class=\"elementor-widget-container\">\n\t\t\t\t\t<div class=\"elementor-spacer\">\n\t\t\t<div class=\"elementor-spacer-inner\"><\/div>\n\t\t<\/div>\n\t\t\t\t<\/div>\n\t\t\t\t<\/div>\n\t\t\t\t\t<\/div>\n\t\t<\/div>\n\t\t\t\t\t\t\t<\/div>\n\t\t<\/section>\n\t\t\t\t\t\t\t<\/div>\n\t\t","protected":false},"excerpt":{"rendered":"<p>Unidades CurricularesDesign Em Design, o desenvolvimento de projetos visualmente apelativos invoca as tuas capacidades t\u00e9cnicas e cultura visual, colocando-te \u00e0 prova para obteres o melhor resultado. No curso de Multim\u00e9dia s\u00e3o 6 as Unidades Curriculares nesta \u00e1rea cient\u00edfica. Fundamentos de Design 1\u00ba semestre Design Gr\u00e1fico 2\u00ba semestre Design Vectorial 3\u00ba semestre Design Editorial &#038; Web [&hellip;]<\/p>\n","protected":false},"author":1,"featured_media":0,"parent":57,"menu_order":15,"comment_status":"closed","ping_status":"closed","template":"page-templates\/full-width.php","meta":{"footnotes":""},"yoast_head":"<!-- This site is optimized with the Yoast SEO plugin v21.3 - https:\/\/yoast.com\/wordpress\/plugins\/seo\/ -->\n<title>Design - Licenciatura de Multim\u00e9dia do ISMT - Coimbra<\/title>\n<meta name=\"description\" content=\"Design UC da Licenciatura de Multim\u00e9dia do ISMT - Instituto Superior Miguel Torga - Coimbra. Desenvolvimento de conte\u00fado visualmente apelativo.\" \/>\n<meta name=\"robots\" content=\"index, follow, max-snippet:-1, max-image-preview:large, max-video-preview:-1\" \/>\n<link rel=\"canonical\" href=\"https:\/\/multimedia.ismt.pt\/?page_id=578\" \/>\n<meta property=\"og:locale\" content=\"pt_PT\" \/>\n<meta property=\"og:type\" content=\"article\" \/>\n<meta property=\"og:title\" content=\"Design - Licenciatura de Multim\u00e9dia do ISMT - Coimbra\" \/>\n<meta property=\"og:description\" content=\"Design UC da Licenciatura de Multim\u00e9dia do ISMT - Instituto Superior Miguel Torga - Coimbra. Desenvolvimento de conte\u00fado visualmente apelativo.\" \/>\n<meta property=\"og:url\" content=\"https:\/\/multimedia.ismt.pt\/?page_id=578\" \/>\n<meta property=\"og:site_name\" content=\"Licenciatura de Multim\u00e9dia do ISMT\" \/>\n<meta property=\"article:publisher\" content=\"https:\/\/www.facebook.com\/ismtmultimedia\" \/>\n<meta property=\"article:modified_time\" content=\"2021-05-11T12:28:50+00:00\" \/>\n<meta name=\"twitter:card\" content=\"summary_large_image\" \/>\n<meta name=\"twitter:label1\" content=\"Tempo estimado de leitura\" \/>\n\t<meta name=\"twitter:data1\" content=\"3 minutos\" \/>\n<script type=\"application\/ld+json\" class=\"yoast-schema-graph\">{\"@context\":\"https:\/\/schema.org\",\"@graph\":[{\"@type\":\"WebPage\",\"@id\":\"https:\/\/multimedia.ismt.pt\/?page_id=578\",\"url\":\"https:\/\/multimedia.ismt.pt\/?page_id=578\",\"name\":\"Design - Licenciatura de Multim\u00e9dia do ISMT - Coimbra\",\"isPartOf\":{\"@id\":\"https:\/\/multimedia.ismt.pt\/#website\"},\"datePublished\":\"2020-05-22T21:37:30+00:00\",\"dateModified\":\"2021-05-11T12:28:50+00:00\",\"description\":\"Design UC da Licenciatura de Multim\u00e9dia do ISMT - Instituto Superior Miguel Torga - Coimbra. Desenvolvimento de conte\u00fado visualmente apelativo.\",\"breadcrumb\":{\"@id\":\"https:\/\/multimedia.ismt.pt\/?page_id=578#breadcrumb\"},\"inLanguage\":\"pt-PT\",\"potentialAction\":[{\"@type\":\"ReadAction\",\"target\":[\"https:\/\/multimedia.ismt.pt\/?page_id=578\"]}]},{\"@type\":\"BreadcrumbList\",\"@id\":\"https:\/\/multimedia.ismt.pt\/?page_id=578#breadcrumb\",\"itemListElement\":[{\"@type\":\"ListItem\",\"position\":1,\"name\":\"In\u00edcio\",\"item\":\"https:\/\/multimedia.ismt.pt\/\"},{\"@type\":\"ListItem\",\"position\":2,\"name\":\"Curso\",\"item\":\"https:\/\/multimedia.ismt.pt\/?page_id=57\"},{\"@type\":\"ListItem\",\"position\":3,\"name\":\"Design\"}]},{\"@type\":\"WebSite\",\"@id\":\"https:\/\/multimedia.ismt.pt\/#website\",\"url\":\"https:\/\/multimedia.ismt.pt\/\",\"name\":\"Mulltim\u00e9dia ISMT\",\"description\":\"Licenciatura de Multim\u00e9dia do ISMT\",\"publisher\":{\"@id\":\"https:\/\/multimedia.ismt.pt\/#organization\"},\"potentialAction\":[{\"@type\":\"SearchAction\",\"target\":{\"@type\":\"EntryPoint\",\"urlTemplate\":\"https:\/\/multimedia.ismt.pt\/?s={search_term_string}\"},\"query-input\":\"required name=search_term_string\"}],\"inLanguage\":\"pt-PT\"},{\"@type\":\"Organization\",\"@id\":\"https:\/\/multimedia.ismt.pt\/#organization\",\"name\":\"Instituto Superior Miguel Torga\",\"url\":\"https:\/\/multimedia.ismt.pt\/\",\"logo\":{\"@type\":\"ImageObject\",\"inLanguage\":\"pt-PT\",\"@id\":\"https:\/\/multimedia.ismt.pt\/#\/schema\/logo\/image\/\",\"url\":\"https:\/\/multimedia.ismt.pt\/wp-content\/uploads\/2020\/05\/LogoHorizontaleDistanciadeSeguranca.svg\",\"contentUrl\":\"https:\/\/multimedia.ismt.pt\/wp-content\/uploads\/2020\/05\/LogoHorizontaleDistanciadeSeguranca.svg\",\"width\":1,\"height\":1,\"caption\":\"Instituto Superior Miguel Torga\"},\"image\":{\"@id\":\"https:\/\/multimedia.ismt.pt\/#\/schema\/logo\/image\/\"},\"sameAs\":[\"https:\/\/www.facebook.com\/ismtmultimedia\",\"https:\/\/www.youtube.com\/user\/multimediaismt\"]}]}<\/script>\n<!-- \/ Yoast SEO plugin. -->","yoast_head_json":{"title":"Design - Licenciatura de Multim\u00e9dia do ISMT - Coimbra","description":"Design UC da Licenciatura de Multim\u00e9dia do ISMT - Instituto Superior Miguel Torga - Coimbra. Desenvolvimento de conte\u00fado visualmente apelativo.","robots":{"index":"index","follow":"follow","max-snippet":"max-snippet:-1","max-image-preview":"max-image-preview:large","max-video-preview":"max-video-preview:-1"},"canonical":"https:\/\/multimedia.ismt.pt\/?page_id=578","og_locale":"pt_PT","og_type":"article","og_title":"Design - Licenciatura de Multim\u00e9dia do ISMT - Coimbra","og_description":"Design UC da Licenciatura de Multim\u00e9dia do ISMT - Instituto Superior Miguel Torga - Coimbra. Desenvolvimento de conte\u00fado visualmente apelativo.","og_url":"https:\/\/multimedia.ismt.pt\/?page_id=578","og_site_name":"Licenciatura de Multim\u00e9dia do ISMT","article_publisher":"https:\/\/www.facebook.com\/ismtmultimedia","article_modified_time":"2021-05-11T12:28:50+00:00","twitter_card":"summary_large_image","twitter_misc":{"Tempo estimado de leitura":"3 minutos"},"schema":{"@context":"https:\/\/schema.org","@graph":[{"@type":"WebPage","@id":"https:\/\/multimedia.ismt.pt\/?page_id=578","url":"https:\/\/multimedia.ismt.pt\/?page_id=578","name":"Design - Licenciatura de Multim\u00e9dia do ISMT - Coimbra","isPartOf":{"@id":"https:\/\/multimedia.ismt.pt\/#website"},"datePublished":"2020-05-22T21:37:30+00:00","dateModified":"2021-05-11T12:28:50+00:00","description":"Design UC da Licenciatura de Multim\u00e9dia do ISMT - Instituto Superior Miguel Torga - Coimbra. Desenvolvimento de conte\u00fado visualmente apelativo.","breadcrumb":{"@id":"https:\/\/multimedia.ismt.pt\/?page_id=578#breadcrumb"},"inLanguage":"pt-PT","potentialAction":[{"@type":"ReadAction","target":["https:\/\/multimedia.ismt.pt\/?page_id=578"]}]},{"@type":"BreadcrumbList","@id":"https:\/\/multimedia.ismt.pt\/?page_id=578#breadcrumb","itemListElement":[{"@type":"ListItem","position":1,"name":"In\u00edcio","item":"https:\/\/multimedia.ismt.pt\/"},{"@type":"ListItem","position":2,"name":"Curso","item":"https:\/\/multimedia.ismt.pt\/?page_id=57"},{"@type":"ListItem","position":3,"name":"Design"}]},{"@type":"WebSite","@id":"https:\/\/multimedia.ismt.pt\/#website","url":"https:\/\/multimedia.ismt.pt\/","name":"Mulltim\u00e9dia ISMT","description":"Licenciatura de Multim\u00e9dia do ISMT","publisher":{"@id":"https:\/\/multimedia.ismt.pt\/#organization"},"potentialAction":[{"@type":"SearchAction","target":{"@type":"EntryPoint","urlTemplate":"https:\/\/multimedia.ismt.pt\/?s={search_term_string}"},"query-input":"required name=search_term_string"}],"inLanguage":"pt-PT"},{"@type":"Organization","@id":"https:\/\/multimedia.ismt.pt\/#organization","name":"Instituto Superior Miguel Torga","url":"https:\/\/multimedia.ismt.pt\/","logo":{"@type":"ImageObject","inLanguage":"pt-PT","@id":"https:\/\/multimedia.ismt.pt\/#\/schema\/logo\/image\/","url":"https:\/\/multimedia.ismt.pt\/wp-content\/uploads\/2020\/05\/LogoHorizontaleDistanciadeSeguranca.svg","contentUrl":"https:\/\/multimedia.ismt.pt\/wp-content\/uploads\/2020\/05\/LogoHorizontaleDistanciadeSeguranca.svg","width":1,"height":1,"caption":"Instituto Superior Miguel Torga"},"image":{"@id":"https:\/\/multimedia.ismt.pt\/#\/schema\/logo\/image\/"},"sameAs":["https:\/\/www.facebook.com\/ismtmultimedia","https:\/\/www.youtube.com\/user\/multimediaismt"]}]}},"_links":{"self":[{"href":"https:\/\/multimedia.ismt.pt\/index.php?rest_route=\/wp\/v2\/pages\/578"}],"collection":[{"href":"https:\/\/multimedia.ismt.pt\/index.php?rest_route=\/wp\/v2\/pages"}],"about":[{"href":"https:\/\/multimedia.ismt.pt\/index.php?rest_route=\/wp\/v2\/types\/page"}],"author":[{"embeddable":true,"href":"https:\/\/multimedia.ismt.pt\/index.php?rest_route=\/wp\/v2\/users\/1"}],"replies":[{"embeddable":true,"href":"https:\/\/multimedia.ismt.pt\/index.php?rest_route=%2Fwp%2Fv2%2Fcomments&post=578"}],"version-history":[{"count":79,"href":"https:\/\/multimedia.ismt.pt\/index.php?rest_route=\/wp\/v2\/pages\/578\/revisions"}],"predecessor-version":[{"id":12477,"href":"https:\/\/multimedia.ismt.pt\/index.php?rest_route=\/wp\/v2\/pages\/578\/revisions\/12477"}],"up":[{"embeddable":true,"href":"https:\/\/multimedia.ismt.pt\/index.php?rest_route=\/wp\/v2\/pages\/57"}],"wp:attachment":[{"href":"https:\/\/multimedia.ismt.pt\/index.php?rest_route=%2Fwp%2Fv2%2Fmedia&parent=578"}],"curies":[{"name":"wp","href":"https:\/\/api.w.org\/{rel}","templated":true}]}}